{"id":10159,"date":"2026-04-09T13:10:45","date_gmt":"2026-04-09T13:10:45","guid":{"rendered":"https:\/\/electrobennjima.tn\/?post_type=product&#038;p=10159"},"modified":"2026-04-09T13:10:45","modified_gmt":"2026-04-09T13:10:45","slug":"climatiseur-comfee-9000btu-chaud-froid-smart","status":"publish","type":"product","link":"https:\/\/electrobennjima.tn\/en\/climatiseur-comfee-9000btu-chaud-froid-smart\/","title":{"rendered":"CLIMATISEUR COMFEE 9000BTU CHAUD \/ FROID SMART"},"content":{"rendered":"<table id=\"product-attribute-specs-table\" class=\"data table additional-attributes\">\n<tbody>\n<tr>\n<th class=\"col label\" scope=\"row\">Marque<\/th>\n<td class=\"col data\" data-th=\"Marque \">MIDEA<\/td>\n<\/tr>\n<tr>\n<th class=\"col label\" scope=\"row\">Capacit\u00e9<\/th>\n<td class=\"col data\" data-th=\"CAPACIT\u00c9\">9000<\/td>\n<\/tr>\n<tr>\n<th class=\"col label\" scope=\"row\">Garantie<\/th>\n<td class=\"col data\" data-th=\"Garantie:\">2 ans<\/td>\n<\/tr>\n<tr>\n<th class=\"col label\" scope=\"row\">Classe \u00e9nerg\u00e9tique<\/th>\n<td class=\"col data\" data-th=\"Classe \u00e9nerg\u00e9tique\">2<\/td>\n<\/tr>\n<tr>\n<th class=\"col label\" scope=\"row\">Mode<\/th>\n<td class=\"col data\" data-th=\"Mode\">Chaud \/ Froid<\/td>\n<\/tr>\n<tr>\n<th class=\"col label\" scope=\"row\">Fonctions &amp; Technologie<\/th>\n<td class=\"col data\" data-th=\"Fonctions &amp; Technologie\">Fonction Turbo<\/td>\n<\/tr>\n<tr>\n<th class=\"col label\" scope=\"row\">Inverter<\/th>\n<td class=\"col data\" data-th=\"Surface \u00e0 Climatiser\">Non<\/td>\n<\/tr>\n<tr>\n<th class=\"col label\" scope=\"row\">Smart<\/th>\n<td class=\"col data\" data-th=\"Wifi\">Oui<\/td>\n<\/tr>\n<tr>\n<th class=\"col label\" scope=\"row\">Couleur<\/th>\n<td class=\"col data\" data-th=\"Couleur:\">Blanc<\/td>\n<\/tr>\n<\/tbody>\n<\/table>","protected":false},"excerpt":{"rendered":"<p>Marque MIDEA Capacit\u00e9 9000 Garantie 2 ans Classe \u00e9nerg\u00e9tique 2 Mode Chaud \/ Froid Fonctions &amp; Technologie Fonction Turbo Inverter Non Smart Oui Couleur Blanc<\/p>","protected":false},"featured_media":10160,"comment_status":"open","ping_status":"closed","template":"","meta":[],"product_brand":[197],"product_cat":[127],"product_tag":[],"class_list":{"0":"post-10159","1":"product","2":"type-product","3":"status-publish","4":"has-post-thumbnail","6":"product_brand-comfee","7":"product_cat-climatiseurs","9":"first","10":"instock","11":"shipping-taxable","12":"purchasable","13":"product-type-simple"},"_links":{"self":[{"href":"https:\/\/electrobennjima.tn\/en\/wp-json\/wp\/v2\/product\/10159","targetHints":{"allow":["GET"]}}],"collection":[{"href":"https:\/\/electrobennjima.tn\/en\/wp-json\/wp\/v2\/product"}],"about":[{"href":"https:\/\/electrobennjima.tn\/en\/wp-json\/wp\/v2\/types\/product"}],"replies":[{"embeddable":true,"href":"https:\/\/electrobennjima.tn\/en\/wp-json\/wp\/v2\/comments?post=10159"}],"wp:featuredmedia":[{"embeddable":true,"href":"https:\/\/electrobennjima.tn\/en\/wp-json\/wp\/v2\/media\/10160"}],"wp:attachment":[{"href":"https:\/\/electrobennjima.tn\/en\/wp-json\/wp\/v2\/media?parent=10159"}],"wp:term":[{"taxonomy":"product_brand","embeddable":true,"href":"https:\/\/electrobennjima.tn\/en\/wp-json\/wp\/v2\/product_brand?post=10159"},{"taxonomy":"product_cat","embeddable":true,"href":"https:\/\/electrobennjima.tn\/en\/wp-json\/wp\/v2\/product_cat?post=10159"},{"taxonomy":"product_tag","embeddable":true,"href":"https:\/\/electrobennjima.tn\/en\/wp-json\/wp\/v2\/product_tag?post=10159"}],"curies":[{"name":"wp","href":"https:\/\/api.w.org\/{rel}","templated":true}]}}