{"id":7793,"date":"2026-02-11T23:39:22","date_gmt":"2026-02-11T23:39:22","guid":{"rendered":"https:\/\/electrobennjima.tn\/?post_type=product&#038;p=7793"},"modified":"2026-02-12T00:05:02","modified_gmt":"2026-02-12T00:05:02","slug":"pack-lectromnager-brandt","status":"publish","type":"product","link":"https:\/\/electrobennjima.tn\/en\/pack-lectromnager-brandt\/","title":{"rendered":"Pack Electromenager BRANDT"},"content":{"rendered":"","protected":false},"excerpt":{"rendered":"<p data-start=\"247\" data-end=\"284\"><strong data-start=\"247\" data-end=\"282\">R\u00c9FRIG\u00c9RATEUR BRANDT \u2013 2 Portes<\/strong><\/p>\n<ul data-start=\"285\" data-end=\"724\">\n<li data-start=\"285\" data-end=\"346\">\n<p data-start=\"287\" data-end=\"346\">Syst\u00e8me de refroidissement : LessFrost \u2013 Statique Ventil\u00e9<\/p>\n<\/li>\n<li data-start=\"347\" data-end=\"376\">\n<p data-start=\"349\" data-end=\"376\">Volume total : 400 litres<\/p>\n<\/li>\n<li data-start=\"377\" data-end=\"406\">\n<p data-start=\"379\" data-end=\"406\">Classe \u00e9nerg\u00e9tique : A+++<\/p>\n<\/li>\n<li data-start=\"407\" data-end=\"443\">\n<p data-start=\"409\" data-end=\"443\">Consommation d\u2019\u00e9nergie : 340 kWh<\/p>\n<\/li>\n<li data-start=\"444\" data-end=\"480\">\n<p data-start=\"446\" data-end=\"480\">Alimentation : 220\u2013240 V \/ 50 Hz<\/p>\n<\/li>\n<li data-start=\"481\" data-end=\"500\">\n<p data-start=\"483\" data-end=\"500\">\u00c9clairage : LED<\/p>\n<\/li>\n<li data-start=\"501\" data-end=\"523\">\n<p data-start=\"503\" data-end=\"523\">Cong\u00e9lation rapide<\/p>\n<\/li>\n<li data-start=\"524\" data-end=\"550\">\n<p data-start=\"526\" data-end=\"550\">1 tiroir r\u00e9frig\u00e9rateur<\/p>\n<\/li>\n<li data-start=\"551\" data-end=\"575\">\n<p data-start=\"553\" data-end=\"575\">1 tiroir cong\u00e9lateur<\/p>\n<\/li>\n<li data-start=\"576\" data-end=\"604\">\n<p data-start=\"578\" data-end=\"604\">3 \u00e9tag\u00e8res r\u00e9frig\u00e9rateur<\/p>\n<\/li>\n<li data-start=\"605\" data-end=\"630\">\n<p data-start=\"607\" data-end=\"630\">1 \u00e9tag\u00e8re cong\u00e9lateur<\/p>\n<\/li>\n<li data-start=\"631\" data-end=\"682\">\n<p data-start=\"633\" data-end=\"682\">Dimensions (L x H x P) : 60 cm x 175 cm x 65 cm<\/p>\n<\/li>\n<li data-start=\"683\" data-end=\"703\">\n<p data-start=\"685\" data-end=\"703\">Couleur : Silver<\/p>\n<\/li>\n<li data-start=\"704\" data-end=\"724\">\n<p data-start=\"706\" data-end=\"724\">Garantie : 2 ans<\/p>\n<\/li>\n<\/ul>\n<hr data-start=\"726\" data-end=\"729\" \/>\n<p data-start=\"731\" data-end=\"767\"><strong data-start=\"731\" data-end=\"765\">MACHINE \u00c0 LAVER FRONTAL BRANDT<\/strong><\/p>\n<ul data-start=\"768\" data-end=\"1049\">\n<li data-start=\"768\" data-end=\"797\">\n<p data-start=\"770\" data-end=\"797\">Capacit\u00e9 de lavage : 6 kg<\/p>\n<\/li>\n<li data-start=\"798\" data-end=\"834\">\n<p data-start=\"800\" data-end=\"834\">Vitesse d&rsquo;essorage : 1000 tr\/min<\/p>\n<\/li>\n<li data-start=\"835\" data-end=\"864\">\n<p data-start=\"837\" data-end=\"864\">Classe \u00e9nerg\u00e9tique : A+++<\/p>\n<\/li>\n<li data-start=\"865\" data-end=\"882\">\n<p data-start=\"867\" data-end=\"882\">15 programmes<\/p>\n<\/li>\n<li data-start=\"883\" data-end=\"901\">\n<p data-start=\"885\" data-end=\"901\">D\u00e9part diff\u00e9r\u00e9<\/p>\n<\/li>\n<li data-start=\"902\" data-end=\"947\">\n<p data-start=\"904\" data-end=\"947\">Temp\u00e9rature d\u2019eau : froide, chaude, ti\u00e8de<\/p>\n<\/li>\n<li data-start=\"948\" data-end=\"966\">\n<p data-start=\"950\" data-end=\"966\">Avec afficheur<\/p>\n<\/li>\n<li data-start=\"967\" data-end=\"989\">\n<p data-start=\"969\" data-end=\"989\">Fonction pr\u00e9lavage<\/p>\n<\/li>\n<li data-start=\"990\" data-end=\"1007\">\n<p data-start=\"992\" data-end=\"1007\">Lavage rapide<\/p>\n<\/li>\n<li data-start=\"1008\" data-end=\"1028\">\n<p data-start=\"1010\" data-end=\"1028\">Couleur : Silver<\/p>\n<\/li>\n<li data-start=\"1029\" data-end=\"1049\">\n<p data-start=\"1031\" data-end=\"1049\">Garantie : 2 ans<\/p>\n<\/li>\n<\/ul>","protected":false},"featured_media":7874,"comment_status":"open","ping_status":"closed","template":"","meta":[],"product_brand":[],"product_cat":[239],"product_tag":[],"class_list":{"0":"post-7793","1":"product","2":"type-product","3":"status-publish","4":"has-post-thumbnail","6":"product_cat-pack-electromenager","8":"first","9":"instock","10":"shipping-taxable","11":"product-type-simple"},"_links":{"self":[{"href":"https:\/\/electrobennjima.tn\/en\/wp-json\/wp\/v2\/product\/7793","targetHints":{"allow":["GET"]}}],"collection":[{"href":"https:\/\/electrobennjima.tn\/en\/wp-json\/wp\/v2\/product"}],"about":[{"href":"https:\/\/electrobennjima.tn\/en\/wp-json\/wp\/v2\/types\/product"}],"replies":[{"embeddable":true,"href":"https:\/\/electrobennjima.tn\/en\/wp-json\/wp\/v2\/comments?post=7793"}],"wp:featuredmedia":[{"embeddable":true,"href":"https:\/\/electrobennjima.tn\/en\/wp-json\/wp\/v2\/media\/7874"}],"wp:attachment":[{"href":"https:\/\/electrobennjima.tn\/en\/wp-json\/wp\/v2\/media?parent=7793"}],"wp:term":[{"taxonomy":"product_brand","embeddable":true,"href":"https:\/\/electrobennjima.tn\/en\/wp-json\/wp\/v2\/product_brand?post=7793"},{"taxonomy":"product_cat","embeddable":true,"href":"https:\/\/electrobennjima.tn\/en\/wp-json\/wp\/v2\/product_cat?post=7793"},{"taxonomy":"product_tag","embeddable":true,"href":"https:\/\/electrobennjima.tn\/en\/wp-json\/wp\/v2\/product_tag?post=7793"}],"curies":[{"name":"wp","href":"https:\/\/api.w.org\/{rel}","templated":true}]}}